{"id":3307,"date":"2023-10-18T17:27:20","date_gmt":"2023-10-18T17:27:20","guid":{"rendered":"https:\/\/www.cotefleurs.ch\/?page_id=3307"},"modified":"2023-10-25T14:48:57","modified_gmt":"2023-10-25T14:48:57","slug":"politique-de-confidentialite-des-donnees","status":"publish","type":"page","link":"https:\/\/www.cotefleurs.ch\/fr\/politique-de-confidentialite-des-donnees\/","title":{"rendered":"Politique de confidentialit\u00e9 des donn\u00e9es"},"content":{"rendered":"\t\t<div data-elementor-type=\"wp-page\" data-elementor-id=\"3307\" class=\"elementor elementor-3307\" data-elementor-post-type=\"page\">\n\t\t\t\t\t\t<section class=\"elementor-section elementor-top-section elementor-element elementor-element-23da11a elementor-section-boxed elementor-section-height-default elementor-section-height-default\" data-id=\"23da11a\" data-element_type=\"section\" data-settings=\"{&quot;background_background&quot;:&quot;classic&quot;}\">\n\t\t\t\t\t\t\t<div class=\"elementor-background-overlay\"><\/div>\n\t\t\t\t\t\t\t<div class=\"elementor-container elementor-column-gap-default\">\n\t\t\t\t\t<div class=\"elementor-column elementor-col-100 elementor-top-column elementor-element elementor-element-2002e1c\" data-id=\"2002e1c\" data-element_type=\"column\">\n\t\t\t<div class=\"elementor-widget-wrap elementor-element-populated\">\n\t\t\t\t\t\t<div class=\"elementor-element elementor-element-9cdcd53 elementor-widget elementor-widget-heading\" data-id=\"9cdcd53\" data-element_type=\"widget\" data-widget_type=\"heading.default\">\n\t\t\t\t<div class=\"elementor-widget-container\">\n\t\t\t<style>\/*! elementor - v3.23.0 - 15-07-2024 *\/\n.elementor-heading-title{padding:0;margin:0;line-height:1}.elementor-widget-heading .elementor-heading-title[class*=elementor-size-]>a{color:inherit;font-size:inherit;line-height:inherit}.elementor-widget-heading .elementor-heading-title.elementor-size-small{font-size:15px}.elementor-widget-heading .elementor-heading-title.elementor-size-medium{font-size:19px}.elementor-widget-heading .elementor-heading-title.elementor-size-large{font-size:29px}.elementor-widget-heading .elementor-heading-title.elementor-size-xl{font-size:39px}.elementor-widget-heading .elementor-heading-title.elementor-size-xxl{font-size:59px}<\/style><p class=\"elementor-heading-title elementor-size-default\">C\u00f4t\u00e9 Fleurs<\/p>\t\t<\/div>\n\t\t\t\t<\/div>\n\t\t\t\t<div class=\"elementor-element elementor-element-1f0e874 elementor-widget elementor-widget-heading\" data-id=\"1f0e874\" data-element_type=\"widget\" data-widget_type=\"heading.default\">\n\t\t\t\t<div class=\"elementor-widget-container\">\n\t\t\t<h1 class=\"elementor-heading-title elementor-size-default\">Politique de confidentialit\u00e9<\/h1>\t\t<\/div>\n\t\t\t\t<\/div>\n\t\t\t\t\t<\/div>\n\t\t<\/div>\n\t\t\t\t\t<\/div>\n\t\t<\/section>\n\t\t\t\t<section class=\"elementor-section elementor-top-section elementor-element elementor-element-42c4e7a elementor-section-boxed elementor-section-height-default elementor-section-height-default\" data-id=\"42c4e7a\" data-element_type=\"section\" data-settings=\"{&quot;background_background&quot;:&quot;classic&quot;}\">\n\t\t\t\t\t\t<div class=\"elementor-container elementor-column-gap-default\">\n\t\t\t\t\t<div class=\"elementor-column elementor-col-100 elementor-top-column elementor-element elementor-element-62f152c\" data-id=\"62f152c\" data-element_type=\"column\">\n\t\t\t<div class=\"elementor-widget-wrap elementor-element-populated\">\n\t\t\t\t\t\t<div class=\"elementor-element elementor-element-dea994b elementor-widget elementor-widget-text-editor\" data-id=\"dea994b\" data-element_type=\"widget\" data-widget_type=\"text-editor.default\">\n\t\t\t\t<div class=\"elementor-widget-container\">\n\t\t\t<style>\/*! elementor - v3.23.0 - 15-07-2024 *\/\n.elementor-widget-text-editor.elementor-drop-cap-view-stacked .elementor-drop-cap{background-color:#69727d;color:#fff}.elementor-widget-text-editor.elementor-drop-cap-view-framed .elementor-drop-cap{color:#69727d;border:3px solid;background-color:transparent}.elementor-widget-text-editor:not(.elementor-drop-cap-view-default) .elementor-drop-cap{margin-top:8px}.elementor-widget-text-editor:not(.elementor-drop-cap-view-default) .elementor-drop-cap-letter{width:1em;height:1em}.elementor-widget-text-editor .elementor-drop-cap{float:left;text-align:center;line-height:1;font-size:50px}.elementor-widget-text-editor .elementor-drop-cap-letter{display:inline-block}<\/style>\t\t\t\t<h2>1. PROPRI\u00c9TAIRE DU SITE<\/h2><p>Le site\u00a0<u>www.cotefleurs.ch<\/u>\u00a0est la propri\u00e9t\u00e9 de la soci\u00e9t\u00e9 C\u00f4t\u00e9 Fleurs, SA au capital de\u00a0100 000 CHF, dont le si\u00e8ge social est situ\u00e9 Rue de l&rsquo;Ath\u00e9n\u00e9e 39<br \/>1206 Gen\u00e8ve, Suisse.<\/p><p>Le responsable de publication est Madame Masson, joignable par t\u00e9l\u00e9phone au <a href=\"tel:+41%20(0)22%20347%2097%2047\">+41 (0)22 347 97 47<\/a>, ou par email \u00e0 l\u2019adresse\u00a0<a href=\"mailto:info@cotefleurs.ch\">info@cotefleurs.com<\/a>.<\/p><p>L\u2019h\u00e9bergeur du site est la soci\u00e9t\u00e9 Infomaniak, dont le si\u00e8ge social est situ\u00e9 Rue Eug\u00e8ne Marziano 25, 1227 Les Acacias (GE)<\/p><p>.<\/p><h2>2. TYPE DE DONN\u00c9ES COLLECT\u00c9ES<\/h2><p>Il existe trois points de collecte de donn\u00e9es sur le pr\u00e9sent site web :<\/p><p>Le formulaire de contact, pr\u00e9sent sur divers pages du site web : A travers lequel nous collectons les donn\u00e9es suivantes :<\/p><ul><li>La soci\u00e9t\u00e9<\/li><li>Le nom<\/li><li>Le pr\u00e9nom<\/li><li>L\u2019email<\/li><li>Le t\u00e9l\u00e9phone<\/li><li>Le Message de l\u2019exp\u00e9diteur<\/li><\/ul><p>La page offre d\u2019emploi, A travers lequel nous collectons les donn\u00e9es suivantes :<\/p><ul><li>Nom<\/li><li>Pr\u00e9nom<\/li><li>Email<\/li><li>T\u00e9l\u00e9phone<\/li><li>CV<\/li><li>Lettre de motivation<\/li><li>Commentaires<\/li><\/ul><p>Le formulaire de validation de commande.<\/p><h2>3. GESTION ET UTILISATION DES DONN\u00c9ES<\/h2><p>Les finalit\u00e9s des donn\u00e9es collect\u00e9es au travers de ces formulaire sont les suivantes :<\/p><ul><li><strong>Pour le formulaire de contact<\/strong>\u00a0: les donn\u00e9es collect\u00e9es nous permettent de recontacter la personne, ayant communiqu\u00e9e ses donn\u00e9es, par email ou par t\u00e9l\u00e9phone selon son consentement. La demande aboutit g\u00e9n\u00e9ralement \u00e0 l\u2019envoi d\u2019une proposition commerciale, conform\u00e9ment \u00e0 la demande faite par l\u2019utilisateur. Ainsi, en cochant la case \u00ab J\u2019accepte d\u2019\u00eatre contact\u00e9 par email \u00bb ou case \u00ab J\u2019accepte d\u2019\u00eatre contact\u00e9 par t\u00e9l\u00e9phone \u00bb, vous autorisez notre \u00e9quipe \u00e0 prendre contact avec vous.<p>Apr\u00e8s envoi du formulaire, les donn\u00e9es renseign\u00e9es nous sont transmises par email, puis stock\u00e9es sur le back office du site web.<\/p><\/li><\/ul><p>Les donn\u00e9es sont accessibles aupr\u00e8s de la direction de notre entreprise et des collaborateurs habilit\u00e9s \u00e0 vous contacter par email ou par t\u00e9l\u00e9phone.<br \/>Les donn\u00e9es collect\u00e9es ne sont en aucun transmises \u00e0 des personnes ou organismes ext\u00e9rieurs \u00e0 l\u2019entreprise.<\/p><ul><li><strong>Pour la page offre d\u2019emploi<\/strong>\u00a0: l\u2019envoi de ce formulaire nous permet de vous recontacter par t\u00e9l\u00e9phone ou par email, les candidats qui souhaite postuler pour un travail chez C\u00f4t\u00e9 Fleurs.<\/li><\/ul><ul><li>Pour le formulaire de gestion de commande, les conditions sont d\u00e9finis dans les conditions g\u00e9n\u00e9rales de vente.<\/li><\/ul><h2>4. VOS DROITS CONCERNANT VOS DONN\u00c9ES PERSONNELLES<\/h2><p>Conform\u00e9ment \u00e0 la loi \u00ab informatique et libert\u00e9s \u00bb, vous pouvez exercer votre droit de consultation, de modification ou de suppression des donn\u00e9es vous concernant. Pour cela vous avez la possibilit\u00e9 de nous contacter de diff\u00e9rentes mani\u00e8res :<\/p><ul><li><strong>Par voie postale :\u00a0<\/strong>C\u00f4t\u00e9 Fleurs, Rue de l&rsquo;Ath\u00e9n\u00e9e 39, 1206 Gen\u00e8ve, Suisse. Id\u00e9alement, en recommand\u00e9 avec accus\u00e9 de r\u00e9ception.<\/li><\/ul><ul><li><strong>Par email :\u00a0<\/strong>\u00e0 l\u2019adresse suivante\u00a0<a href=\"mailto:info@cotefleurs.ch\">info@cotefleurs.com<\/a><\/li><\/ul><h2>5. S\u00c9CURIT\u00c9 DE VOS DONN\u00c9ES PERSONNELLES<\/h2><p>Notre entreprise met en place divers mesures de s\u00e9curit\u00e9 en vue d\u2019assurer la protection de vos donn\u00e9es personnelles. Notamment \u00e0 travers le chiffrement des serveurs et l\u2019utilisation de mots de passe hautement s\u00e9curis\u00e9 pour l\u2019acc\u00e8s aux logiciels et appareils susceptibles d\u2019acc\u00e9der \u00e0 vos donn\u00e9es.<\/p><h2>6. DIVULGATION A DES TIERS<\/h2><p>Nous ne vendons, n\u2019\u00e9changeons et ne transf\u00e9rons pas vos informations personnelles identifiables \u00e0 des tiers. Cela ne comprend pas les tierce parties de confiance qui nous aident \u00e0 exploiter notre site Web ou \u00e0 mener nos affaires, tant que ces parties conviennent de garder ces informations confidentielles.<\/p><p>Nous pensons qu\u2019il est n\u00e9cessaire de partager des informations afin d\u2019enqu\u00eater, de pr\u00e9venir ou de prendre des mesures concernant des activit\u00e9s ill\u00e9gales, fraudes pr\u00e9sum\u00e9es, situations impliquant des menaces potentielles \u00e0 la s\u00e9curit\u00e9 physique de toute personne, violations de nos conditions d\u2019utilisation, ou quand la loi nous y contraint.<\/p><p>Les informations non-priv\u00e9es, cependant, peuvent \u00eatre fournies \u00e0 d\u2019autres parties pour le marketing, la publicit\u00e9, ou d\u2019autres utilisations.<\/p><h2>7. D\u00c9SABONNEMENT<\/h2><p>Nous utilisons l\u2019adresse e-mail que vous fournissez pour vous envoyer des informations et mises \u00e0 jour relatives \u00e0 votre commande, des nouvelles de l\u2019entreprise de fa\u00e7on occasionnelle, des informations sur des produits li\u00e9s, etc. Si \u00e0 n\u2019importe quel moment vous souhaitez vous d\u00e9sinscrire et ne plus recevoir d\u2019e-mails, des instructions de d\u00e9sabonnement d\u00e9taill\u00e9es sont incluses en bas de chaque e-mail.<\/p><h2>8. CONSENTEMENT<\/h2><p>En utilisant notre site, vous consentez \u00e0 notre politique de confidentialit\u00e9.<\/p><h2>9. COOKIES<\/h2><h3>9.1. Informations sur les cookies<\/h3><p>Pour am\u00e9liorer votre exp\u00e9rience sur notre site web, notamment \u00e0 travers le recueil de statistiques et l\u2019affichage de certaines fonctionnalit\u00e9s, nous utilisons des cookies. Il s\u2019agit de petits fichiers textes stock\u00e9s sur votre disque dur permettant d\u2019enregistrer des donn\u00e9es techniques sur votre navigation. Sans l\u2019acceptation de ces cookies, certaines parties du pr\u00e9sent site web peuvent ne pas fonctionner.<\/p><h3>9.2. La finalit\u00e9 des cookies utilis\u00e9s sur le pr\u00e9sent site web<\/h3><p>Les donn\u00e9es et statistiques collect\u00e9es au moyen de ces cookies ont pour seule et unique vocation d\u2019am\u00e9liorer la qualit\u00e9 de nos services. Voici les diff\u00e9rents cookies utilis\u00e9s ainsi que leur finalit\u00e9 :<\/p><ul><li>Google Analytics : Afin de recueillir des statistiques sur les visites de notre site web en vue d\u2019am\u00e9liorer votre exp\u00e9rience.<\/li><li>Wordfence : Pour prot\u00e9ger notre site web des logiciels malveillants, en vue de s\u00e9curiser votre navigation.<\/li><\/ul><h3>9.3. Vos droits concernant les cookies<\/h3><p>Vous avez la possibilit\u00e9, \u00e0 tout moment, de modifier vos souhaits en mati\u00e8re d\u2019utilisation des cookies.<br \/>Vous pouvez en effet configurer votre navigateur internet afin de d\u00e9cider si vous acceptez ou si vous refusez que des cookies soient enregistr\u00e9s dans votre terminal. Et ce soit de fa\u00e7on syst\u00e9matique, soit selon l\u2019\u00e9metteur.<br \/>Vous avez \u00e9galement la possibilit\u00e9 de configurer votre navigateur internet de mani\u00e8re \u00e0 ce qu\u2019il vous propose ponctuellement d\u2019accepter ou de refuser des cookies, avant que ceux-ci ne soient enregistr\u00e9s dans votre terminal. Pour exercer ce droit, consultez notre rubrique \u00ab Comment g\u00e9rer les cookies, en fonction de votre navigateur ? \u00bb .<\/p><h3>9.4. Acceptation des cookies<\/h3><p>L\u2019enregistrement d\u2019un cookie dans votre terminal est subordonn\u00e9 \u00e0 la volont\u00e9 de son utilisateur. Cette volont\u00e9 peut \u00eatre modifi\u00e9e gratuitement et \u00e0 n\u2019importe quel moment, en configurant votre logiciel de navigation. Si vous avez configur\u00e9 votre logiciel de navigation de sorte \u00e0 accepter l\u2019enregistrement de cookies dans votre terminal, ces derniers seront stock\u00e9s temporairement dans un espace d\u00e9di\u00e9 de votre terminal.<br \/>Conform\u00e9ment \u00e0 la l\u00e9gislation europ\u00e9enne, ces cookies ont une dur\u00e9e de validit\u00e9 de 13 mois. De plus, ils seront lisibles uniquement par leur \u00e9metteur.<\/p><h3>9.5. Refus des cookies<\/h3><p>Si vous refusez l\u2019enregistrement de cookies depuis votre navigateur internet, ou si vous supprimez les cookies d\u00e9j\u00e0 enregistr\u00e9s, vous ne pourrez plus b\u00e9n\u00e9ficier de certaines fonctionnalit\u00e9s. En effet certains cookies sont indispensables au bon fonctionnement de certaines parties du site.<br \/>Le cas \u00e9ch\u00e9ant, nous d\u00e9clinons toute responsabilit\u00e9 pour les cons\u00e9quences li\u00e9es au mauvais fonctionnement de notre site web, \u00e0 cause d\u2019une impossibilit\u00e9 d\u2019enregistrer ou de consulter les cookies n\u00e9cessaires que vous auriez supprim\u00e9s ou refus\u00e9s.<\/p><h3>9.6. Comment g\u00e9rer les cookies, en fonction de votre navigateur ?<\/h3><p>Chaque navigateur internet poss\u00e8de ses propres sp\u00e9cificit\u00e9s en mati\u00e8re de configuration des cookies. La proc\u00e9dure est d\u00e9crite dans le menu d\u2019aide de votre navigateur. En le consultant, vous pourrez ainsi modifier vos souhaits en mati\u00e8re de cookies.<\/p><p>Pour vous aider, nous avons lister quelques liens vers le guide de gestion de cookies de certains navigateurs :<\/p><ul><li><a href=\"https:\/\/support.google.com\/chrome\/answer\/95647?hl=fr&amp;hlrm=en\">Google Chrome<\/a><\/li><li><a href=\"https:\/\/support.mozilla.org\/fr\/kb\/activer-desactiver-cookies-preferences\">Mozilla Firefox<\/a><\/li><li><a href=\"https:\/\/support.apple.com\/fr-fr\/HT201265\">Safari<\/a><\/li><li><a href=\"https:\/\/support.microsoft.com\/fr-fr\/help\/17442\/windows-internet-explorer-delete-manage-cookies\">Internet Explorer<\/a><\/li><\/ul>\t\t\t\t\t\t<\/div>\n\t\t\t\t<\/div>\n\t\t\t\t\t<\/div>\n\t\t<\/div>\n\t\t\t\t\t<\/div>\n\t\t<\/section>\n\t\t\t\t<\/div>\n\t\t","protected":false},"excerpt":{"rendered":"<p>C\u00f4t\u00e9 Fleurs Politique de confidentialit\u00e9 1. PROPRI\u00c9TAIRE DU SITE Le site\u00a0www.cotefleurs.ch\u00a0est la propri\u00e9t\u00e9 de la soci\u00e9t\u00e9 C\u00f4t\u00e9 Fleurs, SA au capital de\u00a0100 000 CHF, dont le si\u00e8ge social est situ\u00e9 Rue de l&rsquo;Ath\u00e9n\u00e9e 39 1206 Gen\u00e8ve, Suisse. Le responsable de publication est Madame Masson, joignable par t\u00e9l\u00e9phone au +41 (0)22 347 97 47, ou par [&hellip;]<\/p>\n","protected":false},"author":2,"featured_media":0,"parent":0,"menu_order":0,"comment_status":"closed","ping_status":"closed","template":"","meta":{"_acf_changed":false,"footnotes":""},"class_list":["post-3307","page","type-page","status-publish","hentry"],"acf":[],"yoast_head":"<!-- This site is optimized with the Yoast SEO plugin v23.0 - https:\/\/yoast.com\/wordpress\/plugins\/seo\/ -->\n<title>Politique de confidentialit\u00e9 des donn\u00e9es - C\u00f4t\u00e9 fleurs<\/title>\n<meta name=\"robots\" content=\"noindex, follow\" \/>\n<meta property=\"og:locale\" content=\"fr_FR\" \/>\n<meta property=\"og:type\" content=\"article\" \/>\n<meta property=\"og:title\" content=\"Politique de confidentialit\u00e9 des donn\u00e9es - C\u00f4t\u00e9 fleurs\" \/>\n<meta property=\"og:description\" content=\"C\u00f4t\u00e9 Fleurs Politique de confidentialit\u00e9 1. PROPRI\u00c9TAIRE DU SITE Le site\u00a0www.cotefleurs.ch\u00a0est la propri\u00e9t\u00e9 de la soci\u00e9t\u00e9 C\u00f4t\u00e9 Fleurs, SA au capital de\u00a0100 000 CHF, dont le si\u00e8ge social est situ\u00e9 Rue de l&rsquo;Ath\u00e9n\u00e9e 39 1206 Gen\u00e8ve, Suisse. Le responsable de publication est Madame Masson, joignable par t\u00e9l\u00e9phone au +41 (0)22 347 97 47, ou par [&hellip;]\" \/>\n<meta property=\"og:url\" content=\"https:\/\/www.cotefleurs.ch\/fr\/politique-de-confidentialite-des-donnees\/\" \/>\n<meta property=\"og:site_name\" content=\"C\u00f4t\u00e9 fleurs\" \/>\n<meta property=\"article:modified_time\" content=\"2023-10-25T14:48:57+00:00\" \/>\n<meta property=\"og:image\" content=\"https:\/\/www.cotefleurs.ch\/wp-content\/uploads\/2023\/10\/Bouquet-mari\u201ae-rond-pastel-avec-dahlia.webp\" \/>\n\t<meta property=\"og:image:width\" content=\"1500\" \/>\n\t<meta property=\"og:image:height\" content=\"1120\" \/>\n\t<meta property=\"og:image:type\" content=\"image\/webp\" \/>\n<meta name=\"twitter:card\" content=\"summary_large_image\" \/>\n<meta name=\"twitter:label1\" content=\"Dur\u00e9e de lecture estim\u00e9e\" \/>\n\t<meta name=\"twitter:data1\" content=\"6 minutes\" \/>\n<script type=\"application\/ld+json\" class=\"yoast-schema-graph\">{\"@context\":\"https:\/\/schema.org\",\"@graph\":[{\"@type\":\"WebPage\",\"@id\":\"https:\/\/www.cotefleurs.ch\/fr\/politique-de-confidentialite-des-donnees\/\",\"url\":\"https:\/\/www.cotefleurs.ch\/fr\/politique-de-confidentialite-des-donnees\/\",\"name\":\"Politique de confidentialit\u00e9 des donn\u00e9es - C\u00f4t\u00e9 fleurs\",\"isPartOf\":{\"@id\":\"https:\/\/www.cotefleurs.ch\/fr\/#website\"},\"datePublished\":\"2023-10-18T17:27:20+00:00\",\"dateModified\":\"2023-10-25T14:48:57+00:00\",\"breadcrumb\":{\"@id\":\"https:\/\/www.cotefleurs.ch\/fr\/politique-de-confidentialite-des-donnees\/#breadcrumb\"},\"inLanguage\":\"fr-FR\",\"potentialAction\":[{\"@type\":\"ReadAction\",\"target\":[\"https:\/\/www.cotefleurs.ch\/fr\/politique-de-confidentialite-des-donnees\/\"]}]},{\"@type\":\"BreadcrumbList\",\"@id\":\"https:\/\/www.cotefleurs.ch\/fr\/politique-de-confidentialite-des-donnees\/#breadcrumb\",\"itemListElement\":[{\"@type\":\"ListItem\",\"position\":1,\"name\":\"Home\",\"item\":\"https:\/\/www.cotefleurs.ch\/en\/\"},{\"@type\":\"ListItem\",\"position\":2,\"name\":\"Politique de confidentialit\u00e9 des donn\u00e9es\"}]},{\"@type\":\"WebSite\",\"@id\":\"https:\/\/www.cotefleurs.ch\/fr\/#website\",\"url\":\"https:\/\/www.cotefleurs.ch\/fr\/\",\"name\":\"C\u00f4t\u00e9 fleurs\",\"description\":\"Fleuriste \u00e0 Gen\u00e8ve\",\"publisher\":{\"@id\":\"https:\/\/www.cotefleurs.ch\/fr\/#organization\"},\"potentialAction\":[{\"@type\":\"SearchAction\",\"target\":{\"@type\":\"EntryPoint\",\"urlTemplate\":\"https:\/\/www.cotefleurs.ch\/fr\/?s={search_term_string}\"},\"query-input\":\"required name=search_term_string\"}],\"inLanguage\":\"fr-FR\"},{\"@type\":\"Organization\",\"@id\":\"https:\/\/www.cotefleurs.ch\/fr\/#organization\",\"name\":\"C\u00f4t\u00e9 fleurs\",\"url\":\"https:\/\/www.cotefleurs.ch\/fr\/\",\"logo\":{\"@type\":\"ImageObject\",\"inLanguage\":\"fr-FR\",\"@id\":\"https:\/\/www.cotefleurs.ch\/fr\/#\/schema\/logo\/image\/\",\"url\":\"https:\/\/www.cotefleurs.ch\/wp-content\/uploads\/2023\/08\/logo-cote-fleurs-fleuriste-geneve-livraison-fleurs.webp\",\"contentUrl\":\"https:\/\/www.cotefleurs.ch\/wp-content\/uploads\/2023\/08\/logo-cote-fleurs-fleuriste-geneve-livraison-fleurs.webp\",\"width\":400,\"height\":400,\"caption\":\"C\u00f4t\u00e9 fleurs\"},\"image\":{\"@id\":\"https:\/\/www.cotefleurs.ch\/fr\/#\/schema\/logo\/image\/\"}}]}<\/script>\n<!-- \/ Yoast SEO plugin. -->","yoast_head_json":{"title":"Politique de confidentialit\u00e9 des donn\u00e9es - C\u00f4t\u00e9 fleurs","robots":{"index":"noindex","follow":"follow"},"og_locale":"fr_FR","og_type":"article","og_title":"Politique de confidentialit\u00e9 des donn\u00e9es - C\u00f4t\u00e9 fleurs","og_description":"C\u00f4t\u00e9 Fleurs Politique de confidentialit\u00e9 1. PROPRI\u00c9TAIRE DU SITE Le site\u00a0www.cotefleurs.ch\u00a0est la propri\u00e9t\u00e9 de la soci\u00e9t\u00e9 C\u00f4t\u00e9 Fleurs, SA au capital de\u00a0100 000 CHF, dont le si\u00e8ge social est situ\u00e9 Rue de l&rsquo;Ath\u00e9n\u00e9e 39 1206 Gen\u00e8ve, Suisse. Le responsable de publication est Madame Masson, joignable par t\u00e9l\u00e9phone au +41 (0)22 347 97 47, ou par [&hellip;]","og_url":"https:\/\/www.cotefleurs.ch\/fr\/politique-de-confidentialite-des-donnees\/","og_site_name":"C\u00f4t\u00e9 fleurs","article_modified_time":"2023-10-25T14:48:57+00:00","og_image":[{"width":1500,"height":1120,"url":"https:\/\/www.cotefleurs.ch\/wp-content\/uploads\/2023\/10\/Bouquet-mari\u201ae-rond-pastel-avec-dahlia.webp","type":"image\/webp"}],"twitter_card":"summary_large_image","twitter_misc":{"Dur\u00e9e de lecture estim\u00e9e":"6 minutes"},"schema":{"@context":"https:\/\/schema.org","@graph":[{"@type":"WebPage","@id":"https:\/\/www.cotefleurs.ch\/fr\/politique-de-confidentialite-des-donnees\/","url":"https:\/\/www.cotefleurs.ch\/fr\/politique-de-confidentialite-des-donnees\/","name":"Politique de confidentialit\u00e9 des donn\u00e9es - C\u00f4t\u00e9 fleurs","isPartOf":{"@id":"https:\/\/www.cotefleurs.ch\/fr\/#website"},"datePublished":"2023-10-18T17:27:20+00:00","dateModified":"2023-10-25T14:48:57+00:00","breadcrumb":{"@id":"https:\/\/www.cotefleurs.ch\/fr\/politique-de-confidentialite-des-donnees\/#breadcrumb"},"inLanguage":"fr-FR","potentialAction":[{"@type":"ReadAction","target":["https:\/\/www.cotefleurs.ch\/fr\/politique-de-confidentialite-des-donnees\/"]}]},{"@type":"BreadcrumbList","@id":"https:\/\/www.cotefleurs.ch\/fr\/politique-de-confidentialite-des-donnees\/#breadcrumb","itemListElement":[{"@type":"ListItem","position":1,"name":"Home","item":"https:\/\/www.cotefleurs.ch\/en\/"},{"@type":"ListItem","position":2,"name":"Politique de confidentialit\u00e9 des donn\u00e9es"}]},{"@type":"WebSite","@id":"https:\/\/www.cotefleurs.ch\/fr\/#website","url":"https:\/\/www.cotefleurs.ch\/fr\/","name":"C\u00f4t\u00e9 fleurs","description":"Fleuriste \u00e0 Gen\u00e8ve","publisher":{"@id":"https:\/\/www.cotefleurs.ch\/fr\/#organization"},"potentialAction":[{"@type":"SearchAction","target":{"@type":"EntryPoint","urlTemplate":"https:\/\/www.cotefleurs.ch\/fr\/?s={search_term_string}"},"query-input":"required name=search_term_string"}],"inLanguage":"fr-FR"},{"@type":"Organization","@id":"https:\/\/www.cotefleurs.ch\/fr\/#organization","name":"C\u00f4t\u00e9 fleurs","url":"https:\/\/www.cotefleurs.ch\/fr\/","logo":{"@type":"ImageObject","inLanguage":"fr-FR","@id":"https:\/\/www.cotefleurs.ch\/fr\/#\/schema\/logo\/image\/","url":"https:\/\/www.cotefleurs.ch\/wp-content\/uploads\/2023\/08\/logo-cote-fleurs-fleuriste-geneve-livraison-fleurs.webp","contentUrl":"https:\/\/www.cotefleurs.ch\/wp-content\/uploads\/2023\/08\/logo-cote-fleurs-fleuriste-geneve-livraison-fleurs.webp","width":400,"height":400,"caption":"C\u00f4t\u00e9 fleurs"},"image":{"@id":"https:\/\/www.cotefleurs.ch\/fr\/#\/schema\/logo\/image\/"}}]}},"_links":{"self":[{"href":"https:\/\/www.cotefleurs.ch\/fr\/wp-json\/wp\/v2\/pages\/3307","targetHints":{"allow":["GET"]}}],"collection":[{"href":"https:\/\/www.cotefleurs.ch\/fr\/wp-json\/wp\/v2\/pages"}],"about":[{"href":"https:\/\/www.cotefleurs.ch\/fr\/wp-json\/wp\/v2\/types\/page"}],"author":[{"embeddable":true,"href":"https:\/\/www.cotefleurs.ch\/fr\/wp-json\/wp\/v2\/users\/2"}],"replies":[{"embeddable":true,"href":"https:\/\/www.cotefleurs.ch\/fr\/wp-json\/wp\/v2\/comments?post=3307"}],"version-history":[{"count":5,"href":"https:\/\/www.cotefleurs.ch\/fr\/wp-json\/wp\/v2\/pages\/3307\/revisions"}],"predecessor-version":[{"id":3627,"href":"https:\/\/www.cotefleurs.ch\/fr\/wp-json\/wp\/v2\/pages\/3307\/revisions\/3627"}],"wp:attachment":[{"href":"https:\/\/www.cotefleurs.ch\/fr\/wp-json\/wp\/v2\/media?parent=3307"}],"curies":[{"name":"wp","href":"https:\/\/api.w.org\/{rel}","templated":true}]}}