{"id":1827,"date":"2023-09-18T12:33:01","date_gmt":"2023-09-18T12:33:01","guid":{"rendered":"https:\/\/www.cotefleurs.ch\/?page_id=1827"},"modified":"2023-09-18T12:34:20","modified_gmt":"2023-09-18T12:34:20","slug":"bouquets-et-arrangements","status":"publish","type":"page","link":"https:\/\/www.cotefleurs.ch\/fr\/nos-prestations\/bouquets-et-arrangements\/","title":{"rendered":"Bouquets et arrangements"},"content":{"rendered":"\t\t<div data-elementor-type=\"wp-page\" data-elementor-id=\"1827\" class=\"elementor elementor-1827\" data-elementor-post-type=\"page\">\n\t\t\t\t\t\t<section class=\"elementor-section elementor-top-section elementor-element elementor-element-f26a2df elementor-section-boxed elementor-section-height-default elementor-section-height-default\" data-id=\"f26a2df\" data-element_type=\"section\" data-settings=\"{&quot;background_background&quot;:&quot;classic&quot;}\">\n\t\t\t\t\t\t\t<div class=\"elementor-background-overlay\"><\/div>\n\t\t\t\t\t\t\t<div class=\"elementor-container elementor-column-gap-default\">\n\t\t\t\t\t<div class=\"elementor-column elementor-col-100 elementor-top-column elementor-element elementor-element-acbf8a0\" data-id=\"acbf8a0\" data-element_type=\"column\">\n\t\t\t<div class=\"elementor-widget-wrap elementor-element-populated\">\n\t\t\t\t\t\t<div class=\"elementor-element elementor-element-f6b4095 elementor-widget elementor-widget-heading\" data-id=\"f6b4095\" data-element_type=\"widget\" data-widget_type=\"heading.default\">\n\t\t\t\t<div class=\"elementor-widget-container\">\n\t\t\t<style>\/*! elementor - v3.23.0 - 15-07-2024 *\/\n.elementor-heading-title{padding:0;margin:0;line-height:1}.elementor-widget-heading .elementor-heading-title[class*=elementor-size-]>a{color:inherit;font-size:inherit;line-height:inherit}.elementor-widget-heading .elementor-heading-title.elementor-size-small{font-size:15px}.elementor-widget-heading .elementor-heading-title.elementor-size-medium{font-size:19px}.elementor-widget-heading .elementor-heading-title.elementor-size-large{font-size:29px}.elementor-widget-heading .elementor-heading-title.elementor-size-xl{font-size:39px}.elementor-widget-heading .elementor-heading-title.elementor-size-xxl{font-size:59px}<\/style><h1 class=\"elementor-heading-title elementor-size-default\">Suivez<\/h1>\t\t<\/div>\n\t\t\t\t<\/div>\n\t\t\t\t<div class=\"elementor-element elementor-element-955ce39 elementor-widget elementor-widget-heading\" data-id=\"955ce39\" data-element_type=\"widget\" data-widget_type=\"heading.default\">\n\t\t\t\t<div class=\"elementor-widget-container\">\n\t\t\t<h2 class=\"elementor-heading-title elementor-size-default\">Bouquets et arrangements<\/h2>\t\t<\/div>\n\t\t\t\t<\/div>\n\t\t\t\t\t<\/div>\n\t\t<\/div>\n\t\t\t\t\t<\/div>\n\t\t<\/section>\n\t\t\t\t<section class=\"elementor-section elementor-top-section elementor-element elementor-element-ae4f475 elementor-section-boxed elementor-section-height-default elementor-section-height-default\" data-id=\"ae4f475\" data-element_type=\"section\" data-settings=\"{&quot;background_background&quot;:&quot;classic&quot;}\">\n\t\t\t\t\t\t<div class=\"elementor-container elementor-column-gap-default\">\n\t\t\t\t\t<div class=\"elementor-column elementor-col-100 elementor-top-column elementor-element elementor-element-91492eb\" data-id=\"91492eb\" data-element_type=\"column\">\n\t\t\t<div class=\"elementor-widget-wrap elementor-element-populated\">\n\t\t\t\t\t\t<div class=\"elementor-element elementor-element-8681b97 elementor-widget elementor-widget-text-editor\" data-id=\"8681b97\" data-element_type=\"widget\" data-widget_type=\"text-editor.default\">\n\t\t\t\t<div class=\"elementor-widget-container\">\n\t\t\t<style>\/*! elementor - v3.23.0 - 15-07-2024 *\/\n.elementor-widget-text-editor.elementor-drop-cap-view-stacked .elementor-drop-cap{background-color:#69727d;color:#fff}.elementor-widget-text-editor.elementor-drop-cap-view-framed .elementor-drop-cap{color:#69727d;border:3px solid;background-color:transparent}.elementor-widget-text-editor:not(.elementor-drop-cap-view-default) .elementor-drop-cap{margin-top:8px}.elementor-widget-text-editor:not(.elementor-drop-cap-view-default) .elementor-drop-cap-letter{width:1em;height:1em}.elementor-widget-text-editor .elementor-drop-cap{float:left;text-align:center;line-height:1;font-size:50px}.elementor-widget-text-editor .elementor-drop-cap-letter{display:inline-block}<\/style>\t\t\t\t<p>Nous nous adaptons \u00e0 vous ! Faites nous part de vos envies et de votre budget, notre savoir-faire fera le reste et vous repartirez avec le bouquet ou l&rsquo;arrangement que vous aviez imagin\u00e9. Si vous \u00eates press\u00e9s ou en manque d\u2019inspiration,vous pourrez choisir parmi nos compositions fra\u00eeches du jour. Enfin, si vous pr\u00e9f\u00e9rez que vos fleurs soient livr\u00e9es, pas de probl\u00e8me, Fabian, notre chauffeur est l\u00e0 pour s\u2019en occuper.<\/p>\t\t\t\t\t\t<\/div>\n\t\t\t\t<\/div>\n\t\t\t\t<div class=\"elementor-element elementor-element-31dabc4 elementor-align-center elementor-widget elementor-widget-button\" data-id=\"31dabc4\" data-element_type=\"widget\" data-widget_type=\"button.default\">\n\t\t\t\t<div class=\"elementor-widget-container\">\n\t\t\t\t\t<div class=\"elementor-button-wrapper\">\n\t\t\t<a class=\"elementor-button elementor-button-link elementor-size-sm\" href=\"https:\/\/www.cotefleurs.ch\/fr\/acheter-en-ligne\/\">\n\t\t\t\t\t\t<span class=\"elementor-button-content-wrapper\">\n\t\t\t\t\t\t\t\t\t<span class=\"elementor-button-text\">Acheter en ligne<\/span>\n\t\t\t\t\t<\/span>\n\t\t\t\t\t<\/a>\n\t\t<\/div>\n\t\t\t\t<\/div>\n\t\t\t\t<\/div>\n\t\t\t\t<section class=\"elementor-section elementor-inner-section elementor-element elementor-element-58bbc1d elementor-section-height-min-height elementor-section-boxed elementor-section-height-default\" data-id=\"58bbc1d\" data-element_type=\"section\">\n\t\t\t\t\t\t<div class=\"elementor-container elementor-column-gap-default\">\n\t\t\t\t\t<div class=\"make-column-clickable-elementor elementor-column elementor-col-33 elementor-inner-column elementor-element elementor-element-c5e6835\" style=\"cursor: pointer;\" data-column-clickable=\"https:\/\/www.cotefleurs.ch\/fr\/nos-prestations\/mariage\/\" data-column-clickable-blank=\"_self\" data-id=\"c5e6835\" data-element_type=\"column\" data-settings=\"{&quot;background_background&quot;:&quot;classic&quot;}\">\n\t\t\t<div class=\"elementor-widget-wrap elementor-element-populated\">\n\t\t\t\t\t\t<div class=\"elementor-element elementor-element-14dc4f1 elementor-widget elementor-widget-heading\" data-id=\"14dc4f1\" data-element_type=\"widget\" data-widget_type=\"heading.default\">\n\t\t\t\t<div class=\"elementor-widget-container\">\n\t\t\t<h2 class=\"elementor-heading-title elementor-size-default\">Mariage<\/h2>\t\t<\/div>\n\t\t\t\t<\/div>\n\t\t\t\t\t<\/div>\n\t\t<\/div>\n\t\t\t\t<div class=\"make-column-clickable-elementor elementor-column elementor-col-33 elementor-inner-column elementor-element elementor-element-b71a10c\" style=\"cursor: pointer;\" data-column-clickable=\"https:\/\/www.cotefleurs.ch\/fr\/nos-prestations\/abonnement-floral-ou-livraison-hebdomadaire\/\" data-column-clickable-blank=\"_self\" data-id=\"b71a10c\" data-element_type=\"column\" data-settings=\"{&quot;background_background&quot;:&quot;classic&quot;}\">\n\t\t\t<div class=\"elementor-widget-wrap elementor-element-populated\">\n\t\t\t\t\t\t<div class=\"elementor-element elementor-element-1d823f7 elementor-widget elementor-widget-heading\" data-id=\"1d823f7\" data-element_type=\"widget\" data-widget_type=\"heading.default\">\n\t\t\t\t<div class=\"elementor-widget-container\">\n\t\t\t<h2 class=\"elementor-heading-title elementor-size-default\">Abonnement<\/h2>\t\t<\/div>\n\t\t\t\t<\/div>\n\t\t\t\t\t<\/div>\n\t\t<\/div>\n\t\t\t\t<div class=\"make-column-clickable-elementor elementor-column elementor-col-33 elementor-inner-column elementor-element elementor-element-eb94068\" style=\"cursor: pointer;\" data-column-clickable=\"https:\/\/www.cotefleurs.ch\/fr\/nos-prestations\/evenements\/\" data-column-clickable-blank=\"_self\" data-id=\"eb94068\" data-element_type=\"column\" data-settings=\"{&quot;background_background&quot;:&quot;classic&quot;}\">\n\t\t\t<div class=\"elementor-widget-wrap elementor-element-populated\">\n\t\t\t\t\t\t<div class=\"elementor-element elementor-element-99413cd elementor-widget elementor-widget-heading\" data-id=\"99413cd\" data-element_type=\"widget\" data-widget_type=\"heading.default\">\n\t\t\t\t<div class=\"elementor-widget-container\">\n\t\t\t<h2 class=\"elementor-heading-title elementor-size-default\">\u00c9v\u00e8nement<\/h2>\t\t<\/div>\n\t\t\t\t<\/div>\n\t\t\t\t\t<\/div>\n\t\t<\/div>\n\t\t\t\t\t<\/div>\n\t\t<\/section>\n\t\t\t\t\t<\/div>\n\t\t<\/div>\n\t\t\t\t\t<\/div>\n\t\t<\/section>\n\t\t\t\t<\/div>\n\t\t","protected":false},"excerpt":{"rendered":"<p>Suivez Bouquets et arrangements Nous nous adaptons \u00e0 vous ! Faites nous part de vos envies et de votre budget, notre savoir-faire fera le reste et vous repartirez avec le bouquet ou l&rsquo;arrangement que vous aviez imagin\u00e9. Si vous \u00eates press\u00e9s ou en manque d\u2019inspiration,vous pourrez choisir parmi nos compositions fra\u00eeches du jour. Enfin, si [&hellip;]<\/p>\n","protected":false},"author":1,"featured_media":0,"parent":1779,"menu_order":0,"comment_status":"closed","ping_status":"closed","template":"","meta":{"_acf_changed":false,"footnotes":""},"class_list":["post-1827","page","type-page","status-publish","hentry"],"acf":[],"yoast_head":"<!-- This site is optimized with the Yoast SEO plugin v23.0 - https:\/\/yoast.com\/wordpress\/plugins\/seo\/ -->\n<title>Bouquets et arrangements - C\u00f4t\u00e9 fleurs<\/title>\n<meta name=\"robots\" content=\"index, follow, max-snippet:-1, max-image-preview:large, max-video-preview:-1\" \/>\n<link rel=\"canonical\" href=\"https:\/\/www.cotefleurs.ch\/fr\/nos-prestations\/bouquets-et-arrangements\/\" \/>\n<meta property=\"og:locale\" content=\"fr_FR\" \/>\n<meta property=\"og:type\" content=\"article\" \/>\n<meta property=\"og:title\" content=\"Bouquets et arrangements - C\u00f4t\u00e9 fleurs\" \/>\n<meta property=\"og:description\" content=\"Suivez Bouquets et arrangements Nous nous adaptons \u00e0 vous ! Faites nous part de vos envies et de votre budget, notre savoir-faire fera le reste et vous repartirez avec le bouquet ou l&rsquo;arrangement que vous aviez imagin\u00e9. Si vous \u00eates press\u00e9s ou en manque d\u2019inspiration,vous pourrez choisir parmi nos compositions fra\u00eeches du jour. Enfin, si [&hellip;]\" \/>\n<meta property=\"og:url\" content=\"https:\/\/www.cotefleurs.ch\/fr\/nos-prestations\/bouquets-et-arrangements\/\" \/>\n<meta property=\"og:site_name\" content=\"C\u00f4t\u00e9 fleurs\" \/>\n<meta property=\"article:modified_time\" content=\"2023-09-18T12:34:20+00:00\" \/>\n<meta property=\"og:image\" content=\"https:\/\/www.cotefleurs.ch\/wp-content\/uploads\/2023\/10\/Bouquet-mari\u201ae-rond-pastel-avec-dahlia.webp\" \/>\n\t<meta property=\"og:image:width\" content=\"1500\" \/>\n\t<meta property=\"og:image:height\" content=\"1120\" \/>\n\t<meta property=\"og:image:type\" content=\"image\/webp\" \/>\n<meta name=\"twitter:card\" content=\"summary_large_image\" \/>\n<meta name=\"twitter:label1\" content=\"Dur\u00e9e de lecture estim\u00e9e\" \/>\n\t<meta name=\"twitter:data1\" content=\"1 minute\" \/>\n<script type=\"application\/ld+json\" class=\"yoast-schema-graph\">{\"@context\":\"https:\/\/schema.org\",\"@graph\":[{\"@type\":\"WebPage\",\"@id\":\"https:\/\/www.cotefleurs.ch\/fr\/nos-prestations\/bouquets-et-arrangements\/\",\"url\":\"https:\/\/www.cotefleurs.ch\/fr\/nos-prestations\/bouquets-et-arrangements\/\",\"name\":\"Bouquets et arrangements - C\u00f4t\u00e9 fleurs\",\"isPartOf\":{\"@id\":\"https:\/\/www.cotefleurs.ch\/fr\/#website\"},\"datePublished\":\"2023-09-18T12:33:01+00:00\",\"dateModified\":\"2023-09-18T12:34:20+00:00\",\"breadcrumb\":{\"@id\":\"https:\/\/www.cotefleurs.ch\/fr\/nos-prestations\/bouquets-et-arrangements\/#breadcrumb\"},\"inLanguage\":\"fr-FR\",\"potentialAction\":[{\"@type\":\"ReadAction\",\"target\":[\"https:\/\/www.cotefleurs.ch\/fr\/nos-prestations\/bouquets-et-arrangements\/\"]}]},{\"@type\":\"BreadcrumbList\",\"@id\":\"https:\/\/www.cotefleurs.ch\/fr\/nos-prestations\/bouquets-et-arrangements\/#breadcrumb\",\"itemListElement\":[{\"@type\":\"ListItem\",\"position\":1,\"name\":\"Home\",\"item\":\"https:\/\/www.cotefleurs.ch\/en\/\"},{\"@type\":\"ListItem\",\"position\":2,\"name\":\"Nos prestations\",\"item\":\"https:\/\/www.cotefleurs.ch\/fr\/nos-prestations\/\"},{\"@type\":\"ListItem\",\"position\":3,\"name\":\"Bouquets et arrangements\"}]},{\"@type\":\"WebSite\",\"@id\":\"https:\/\/www.cotefleurs.ch\/fr\/#website\",\"url\":\"https:\/\/www.cotefleurs.ch\/fr\/\",\"name\":\"C\u00f4t\u00e9 fleurs\",\"description\":\"Fleuriste \u00e0 Gen\u00e8ve\",\"publisher\":{\"@id\":\"https:\/\/www.cotefleurs.ch\/fr\/#organization\"},\"potentialAction\":[{\"@type\":\"SearchAction\",\"target\":{\"@type\":\"EntryPoint\",\"urlTemplate\":\"https:\/\/www.cotefleurs.ch\/fr\/?s={search_term_string}\"},\"query-input\":\"required name=search_term_string\"}],\"inLanguage\":\"fr-FR\"},{\"@type\":\"Organization\",\"@id\":\"https:\/\/www.cotefleurs.ch\/fr\/#organization\",\"name\":\"C\u00f4t\u00e9 fleurs\",\"url\":\"https:\/\/www.cotefleurs.ch\/fr\/\",\"logo\":{\"@type\":\"ImageObject\",\"inLanguage\":\"fr-FR\",\"@id\":\"https:\/\/www.cotefleurs.ch\/fr\/#\/schema\/logo\/image\/\",\"url\":\"https:\/\/www.cotefleurs.ch\/wp-content\/uploads\/2023\/08\/logo-cote-fleurs-fleuriste-geneve-livraison-fleurs.webp\",\"contentUrl\":\"https:\/\/www.cotefleurs.ch\/wp-content\/uploads\/2023\/08\/logo-cote-fleurs-fleuriste-geneve-livraison-fleurs.webp\",\"width\":400,\"height\":400,\"caption\":\"C\u00f4t\u00e9 fleurs\"},\"image\":{\"@id\":\"https:\/\/www.cotefleurs.ch\/fr\/#\/schema\/logo\/image\/\"}}]}<\/script>\n<!-- \/ Yoast SEO plugin. -->","yoast_head_json":{"title":"Bouquets et arrangements - C\u00f4t\u00e9 fleurs","robots":{"index":"index","follow":"follow","max-snippet":"max-snippet:-1","max-image-preview":"max-image-preview:large","max-video-preview":"max-video-preview:-1"},"canonical":"https:\/\/www.cotefleurs.ch\/fr\/nos-prestations\/bouquets-et-arrangements\/","og_locale":"fr_FR","og_type":"article","og_title":"Bouquets et arrangements - C\u00f4t\u00e9 fleurs","og_description":"Suivez Bouquets et arrangements Nous nous adaptons \u00e0 vous ! Faites nous part de vos envies et de votre budget, notre savoir-faire fera le reste et vous repartirez avec le bouquet ou l&rsquo;arrangement que vous aviez imagin\u00e9. Si vous \u00eates press\u00e9s ou en manque d\u2019inspiration,vous pourrez choisir parmi nos compositions fra\u00eeches du jour. Enfin, si [&hellip;]","og_url":"https:\/\/www.cotefleurs.ch\/fr\/nos-prestations\/bouquets-et-arrangements\/","og_site_name":"C\u00f4t\u00e9 fleurs","article_modified_time":"2023-09-18T12:34:20+00:00","og_image":[{"width":1500,"height":1120,"url":"https:\/\/www.cotefleurs.ch\/wp-content\/uploads\/2023\/10\/Bouquet-mari\u201ae-rond-pastel-avec-dahlia.webp","type":"image\/webp"}],"twitter_card":"summary_large_image","twitter_misc":{"Dur\u00e9e de lecture estim\u00e9e":"1 minute"},"schema":{"@context":"https:\/\/schema.org","@graph":[{"@type":"WebPage","@id":"https:\/\/www.cotefleurs.ch\/fr\/nos-prestations\/bouquets-et-arrangements\/","url":"https:\/\/www.cotefleurs.ch\/fr\/nos-prestations\/bouquets-et-arrangements\/","name":"Bouquets et arrangements - C\u00f4t\u00e9 fleurs","isPartOf":{"@id":"https:\/\/www.cotefleurs.ch\/fr\/#website"},"datePublished":"2023-09-18T12:33:01+00:00","dateModified":"2023-09-18T12:34:20+00:00","breadcrumb":{"@id":"https:\/\/www.cotefleurs.ch\/fr\/nos-prestations\/bouquets-et-arrangements\/#breadcrumb"},"inLanguage":"fr-FR","potentialAction":[{"@type":"ReadAction","target":["https:\/\/www.cotefleurs.ch\/fr\/nos-prestations\/bouquets-et-arrangements\/"]}]},{"@type":"BreadcrumbList","@id":"https:\/\/www.cotefleurs.ch\/fr\/nos-prestations\/bouquets-et-arrangements\/#breadcrumb","itemListElement":[{"@type":"ListItem","position":1,"name":"Home","item":"https:\/\/www.cotefleurs.ch\/en\/"},{"@type":"ListItem","position":2,"name":"Nos prestations","item":"https:\/\/www.cotefleurs.ch\/fr\/nos-prestations\/"},{"@type":"ListItem","position":3,"name":"Bouquets et arrangements"}]},{"@type":"WebSite","@id":"https:\/\/www.cotefleurs.ch\/fr\/#website","url":"https:\/\/www.cotefleurs.ch\/fr\/","name":"C\u00f4t\u00e9 fleurs","description":"Fleuriste \u00e0 Gen\u00e8ve","publisher":{"@id":"https:\/\/www.cotefleurs.ch\/fr\/#organization"},"potentialAction":[{"@type":"SearchAction","target":{"@type":"EntryPoint","urlTemplate":"https:\/\/www.cotefleurs.ch\/fr\/?s={search_term_string}"},"query-input":"required name=search_term_string"}],"inLanguage":"fr-FR"},{"@type":"Organization","@id":"https:\/\/www.cotefleurs.ch\/fr\/#organization","name":"C\u00f4t\u00e9 fleurs","url":"https:\/\/www.cotefleurs.ch\/fr\/","logo":{"@type":"ImageObject","inLanguage":"fr-FR","@id":"https:\/\/www.cotefleurs.ch\/fr\/#\/schema\/logo\/image\/","url":"https:\/\/www.cotefleurs.ch\/wp-content\/uploads\/2023\/08\/logo-cote-fleurs-fleuriste-geneve-livraison-fleurs.webp","contentUrl":"https:\/\/www.cotefleurs.ch\/wp-content\/uploads\/2023\/08\/logo-cote-fleurs-fleuriste-geneve-livraison-fleurs.webp","width":400,"height":400,"caption":"C\u00f4t\u00e9 fleurs"},"image":{"@id":"https:\/\/www.cotefleurs.ch\/fr\/#\/schema\/logo\/image\/"}}]}},"_links":{"self":[{"href":"https:\/\/www.cotefleurs.ch\/fr\/wp-json\/wp\/v2\/pages\/1827","targetHints":{"allow":["GET"]}}],"collection":[{"href":"https:\/\/www.cotefleurs.ch\/fr\/wp-json\/wp\/v2\/pages"}],"about":[{"href":"https:\/\/www.cotefleurs.ch\/fr\/wp-json\/wp\/v2\/types\/page"}],"author":[{"embeddable":true,"href":"https:\/\/www.cotefleurs.ch\/fr\/wp-json\/wp\/v2\/users\/1"}],"replies":[{"embeddable":true,"href":"https:\/\/www.cotefleurs.ch\/fr\/wp-json\/wp\/v2\/comments?post=1827"}],"version-history":[{"count":4,"href":"https:\/\/www.cotefleurs.ch\/fr\/wp-json\/wp\/v2\/pages\/1827\/revisions"}],"predecessor-version":[{"id":1831,"href":"https:\/\/www.cotefleurs.ch\/fr\/wp-json\/wp\/v2\/pages\/1827\/revisions\/1831"}],"up":[{"embeddable":true,"href":"https:\/\/www.cotefleurs.ch\/fr\/wp-json\/wp\/v2\/pages\/1779"}],"wp:attachment":[{"href":"https:\/\/www.cotefleurs.ch\/fr\/wp-json\/wp\/v2\/media?parent=1827"}],"curies":[{"name":"wp","href":"https:\/\/api.w.org\/{rel}","templated":true}]}}